{"id":3,"date":"2025-08-26T15:30:53","date_gmt":"2025-08-26T15:30:53","guid":{"rendered":"http:\/\/llm-bridge.eu\/?page_id=3"},"modified":"2026-01-19T16:51:45","modified_gmt":"2026-01-19T16:51:45","slug":"privacy-policy","status":"publish","type":"page","link":"https:\/\/www.llm-bridge.eu\/ga\/privacy-policy\/","title":{"rendered":"Beartas Pr\u00edobh\u00e1ideachais"},"content":{"rendered":"<div data-elementor-type=\"wp-page\" data-elementor-id=\"3\" class=\"elementor elementor-3\">\n\t\t\t\t<div class=\"elementor-element elementor-element-695c3cef e-flex e-con-boxed e-con e-parent\" data-id=\"695c3cef\" data-element_type=\"container\" data-settings=\"{&quot;background_background&quot;:&quot;classic&quot;,&quot;shape_divider_top&quot;:&quot;curve&quot;,&quot;shape_divider_top_negative&quot;:&quot;yes&quot;,&quot;shape_divider_bottom&quot;:&quot;curve&quot;,&quot;shape_divider_bottom_negative&quot;:&quot;yes&quot;}\">\n\t\t\t\t\t<div class=\"e-con-inner\">\n\t\t\t\t<div class=\"elementor-shape elementor-shape-top\" aria-hidden=\"true\" data-negative=\"true\">\n\t\t\t<svg xmlns=\"http:\/\/www.w3.org\/2000\/svg\" viewbox=\"0 0 1000 100\" preserveaspectratio=\"none\">\n\t<path class=\"elementor-shape-fill\" d=\"M500,97C126.7,96.3,0.8,19.8,0,0v100l1000,0V1C1000,19.4,873.3,97.8,500,97z\"\/>\n<\/svg>\t\t<\/div>\n\t\t\t\t<div class=\"elementor-shape elementor-shape-bottom\" aria-hidden=\"true\" data-negative=\"true\">\n\t\t\t<svg xmlns=\"http:\/\/www.w3.org\/2000\/svg\" viewbox=\"0 0 1000 100\" preserveaspectratio=\"none\">\n\t<path class=\"elementor-shape-fill\" d=\"M500,97C126.7,96.3,0.8,19.8,0,0v100l1000,0V1C1000,19.4,873.3,97.8,500,97z\"\/>\n<\/svg>\t\t<\/div>\n\t\t\t\t<div class=\"elementor-element elementor-element-4cd91ab elementor-widget elementor-widget-spacer\" data-id=\"4cd91ab\" data-element_type=\"widget\" data-widget_type=\"spacer.default\">\n\t\t\t\t\t\t\t<div class=\"elementor-spacer\">\n\t\t\t<div class=\"elementor-spacer-inner\"><\/div>\n\t\t<\/div>\n\t\t\t\t\t\t<\/div>\n\t\t\t\t<div class=\"elementor-element elementor-element-6126987 elementor-widget elementor-widget-spacer\" data-id=\"6126987\" data-element_type=\"widget\" data-widget_type=\"spacer.default\">\n\t\t\t\t\t\t\t<div class=\"elementor-spacer\">\n\t\t\t<div class=\"elementor-spacer-inner\"><\/div>\n\t\t<\/div>\n\t\t\t\t\t\t<\/div>\n\t\t\t\t<div class=\"elementor-element elementor-element-db4f467 elementor-widget elementor-widget-text-editor\" data-id=\"db4f467\" data-element_type=\"widget\" data-widget_type=\"text-editor.default\">\n\t\t\t\t\t\t\t\t\t<h2><strong>Polasa\u00ed Pr\u00edobh\u00e1ideachais &amp; F\u00f3gra\u00ed Dl\u00edthi\u00fala: LLM-BRIDGE<\/strong><\/h2>\n<h4><strong>An Nuashonr\u00fa Deireanach:<\/strong> Ean\u00e1ir 2026<\/h4>\n<h2>\u00a0<\/h2>\n<h2><strong>1. Foilsitheoir agus Rialaitheoir Sonra\u00ed<\/strong><\/h2>\n<p>Is \u00e9 Alliance for Language Technologies (ALT-EDIC), Cuibhreannas don Bhonneagar Digiteach Eorpach a buna\u00edodh le Cinneadh (AE) 2024\/458 \u00f3n gCoimisi\u00fan Eorpach agus at\u00e1 cl\u00e1raithe sa Fhrainc mar chomhlachas (loi 1901), at\u00e1 cl\u00e1raithe faoin uimhir W024005363 agus faoin uimhir SIRET 929 059 178 00012, a chruthaigh agus a d\u2019fhoilsigh an su\u00edomh gr\u00e9as\u00e1in https:\/\/www.llm-bridge.eu\/.<\/p>\n<p>An su\u00edomh gr\u00e9as\u00e1in <a href=\"https:\/\/www.llm-bridge.eu\/ga\/\"><u><strong>https:\/\/www.llm-bridge.eu<\/strong><\/u><\/a> Is \u00e9 an t-ard\u00e1n oifigi\u00fail an <strong>Tionscadal LLM-BRIDGE<\/strong>, cuibhreannas ina bhfuil 10 n-eagra\u00edocht chomhph\u00e1irt\u00edochta arna gc\u00f3mhaoini\u00fa ag Cl\u00e1r an Aontais Eorpaigh don Eoraip Dhigiteach faoi Chomhaont\u00fa Deontais Uimh. 101226136.<\/p>\n<p><strong>Comhordaitheoir Tionscadail:<\/strong> An Chomhghuaill\u00edocht um Theicneola\u00edochta\u00ed Teanga (ALT-EDIC)<\/p>\n<p><strong>Su\u00edomh:<\/strong> 1 place Aristide Briand, 02600 Villers-Cotter\u00eats, An Fhrainc<\/p>\n<p><strong>R\u00edomhphost Teagmh\u00e1la:<\/strong> contact@llm-bridge.eu<\/p>\n<p><strong>Sti\u00farth\u00f3ir an Fhoilseach\u00e1in:<\/strong> Edouard Geoffrois<\/p>\n<p>Chun cr\u00edocha an Rialach\u00e1in Ghinear\u00e1lta maidir le Cosaint Sonra\u00ed (RGCS), <strong>Comhordaitheoir Tionscadail<\/strong> feidhm\u00edonn s\u00e9 mar an pr\u00edomh-Rialaitheoir Sonra\u00ed don l\u00e1ithre\u00e1n gr\u00e9as\u00e1in, ach amh\u00e1in i gc\u00e1s ina sonra\u00edtear a mhalairt (f\u00e9ach Roinn 5 maidir leis an nGlao Oscailte).<\/p>\n<h2><strong style=\"font-family: -apple-system, BlinkMacSystemFont, 'Segoe UI', Roboto, 'Helvetica Neue', Arial, 'Noto Sans', sans-serif, 'Apple Color Emoji', 'Segoe UI Emoji', 'Segoe UI Symbol', 'Noto Color Emoji';\">2. \u00d3st\u00e1il Su\u00edomhanna Gr\u00e9as\u00e1in<\/strong><\/h2>\n<p>T\u00e1 an su\u00edomh gr\u00e9as\u00e1in \u00e1 \u00f3st\u00e1il ag: OVH, 2 rue Kellermann, 59100 Roubaix, an Fhrainc.<\/p>\n<h2><strong style=\"font-family: -apple-system, BlinkMacSystemFont, 'Segoe UI', Roboto, 'Helvetica Neue', Arial, 'Noto Sans', sans-serif, 'Apple Color Emoji', 'Segoe UI Emoji', 'Segoe UI Symbol', 'Noto Color Emoji';\">3. Sonra\u00ed Pearsanta &amp;ampa; Tomhas Lucht F\u00e9achana (Matomo)<\/strong><\/h2>\n<p>Cuirimid teorainn le baili\u00fa sonra\u00ed pearsanta go dt\u00ed an m\u00e9id at\u00e1 f\u00edor-riachtanach chun an l\u00e1ithre\u00e1n gr\u00e9as\u00e1in a dh\u00e9anamh agus anail\u00eds a dh\u00e9anamh air.<\/p>\n<p><strong>Anail\u00eds\u00edocht Matomo<\/strong><\/p>\n<p>Bainimid \u00fas\u00e1id as an <strong>Matomo<\/strong> Breise\u00e1n anail\u00edse chun tuiscint a fh\u00e1il ar an gcaoi a n-idirghn\u00edomha\u00edonn cuairteoir\u00ed len\u00e1r su\u00edomh.<\/p>\n<ul>\n<li><strong>Sonra\u00ed a bail\u00edodh:<\/strong> Do sheoladh IP (gan ainm), su\u00edomh geografach (teoranta do chathair \/ r\u00e9igi\u00fan), agus iompar brabhs\u00e1la (leathanaigh ar tugadh cuairt orthu, an t-am a caitheadh).<\/li>\n<li><strong>Cusp\u00f3ir:<\/strong> Staitistic\u00ed anaithnide a ghini\u00faint chun feidhm\u00edocht an tsu\u00edmh gr\u00e9as\u00e1in a fheabhs\u00fa agus tionchar an tionscadail a thuairisci\u00fa don Choimisi\u00fan Eorpach.<\/li>\n<li><strong>St\u00f3r\u00e1il:<\/strong> St\u00f3r\u00e1iltear sonra\u00ed ar fhreastalaithe OVH agus n\u00ed roinntear iad le p\u00e1irtithe lasmuigh den chuibhreannas LLM-BRIDGE n\u00e1 chun cr\u00edoch tr\u00e1cht\u00e1la.<\/li>\n<li>\n<p><strong>Toili\u00fa:<\/strong> Tr\u00ed chuairt a thabhairt ar \u00e1r su\u00edomh gr\u00e9as\u00e1in, toil\u00edonn t\u00fa len\u00e1r mbeartas fian\u00e1n.\u00a0<\/p>\n<\/li>\n<\/ul>\n<h4><strong>Foirmeacha Teagmh\u00e1la<\/strong><\/h4>\n<p>M\u00e1 dh\u00e9anann t\u00fa teagmh\u00e1il linn tr\u00ed r\u00edomhphost n\u00f3 tr\u00ed fhoirm teagmh\u00e1la, bail\u00edmid d'ainm agus do sheoladh r\u00edomhphoist chun freagra a thabhairt ar d'fhiosr\u00fach\u00e1n agus chun na cr\u00edche sin amh\u00e1in. N\u00ed roinntear na sonra\u00ed seo lasmuigh den chuibhreannas riamh gan do thoili\u00fa.<\/p>\n<h2><strong>4. Bainist\u00edocht Fian\u00e1n<\/strong><\/h2>\n<p>\u00das\u00e1ideann \u00e1r su\u00edomh Gr\u00e9as\u00e1in WordPress fian\u00e1in chun eisp\u00e9ireas an \u00fas\u00e1ideora a fheabhs\u00fa.<\/p>\n<ul>\n<li>\n<p><strong>Fian\u00e1in riachtanacha:<\/strong> Riachtanach chun go bhfeidhmeoidh an l\u00e1ithre\u00e1n (m.sh., seisi\u00fain log\u00e1la isteach do riarth\u00f3ir\u00ed). N\u00ed g\u00e1 toili\u00fa a thabhairt ina leith sin.<\/p>\n<\/li>\n<li>\n<p><strong>Fian\u00e1in Anail\u00edseacha (Matomo):<\/strong> \u00das\u00e1idtear \u00e9 chun tr\u00e1cht a thomhas.<\/p>\n<\/li>\n<li>\n<p><strong>Fian\u00e1in na Me\u00e1n S\u00f3isialta:<\/strong> M\u00e1 \u00fas\u00e1ideann t\u00fa na gn\u00e9ithe comhroinnte LinkedIn ar \u00e1r su\u00edomh, f\u00e9adfaidh LinkedIn fian\u00e1in a chur ar do ghl\u00e9as. Molaimid athbhreithni\u00fa a dh\u00e9anamh <a href=\"https:\/\/www.linkedin.com\/legal\/privacy-policy\"><u>Beartas Pr\u00edobh\u00e1ideachais LinkedIn<\/u><\/a>.<\/p>\n<\/li>\n<\/ul>\n<p><strong>Conas rogha an di\u00faltaithe a dh\u00e9anamh:<\/strong> Is f\u00e9idir leat do shocruithe a choigeart\u00fa tr\u00e1th ar bith tr\u00ed chlice\u00e1il ar an gcnaipe \u2018Fian\u00e1in\u2019 i mbunt\u00e1sc \u00e1r su\u00edmh gr\u00e9as\u00e1in n\u00f3 tr\u00ed \u00fas\u00e1id a bhaint as su\u00edomh \u2018N\u00e1 Rianaigh\u2019 (DNT) do bhrabhs\u00e1la\u00ed.<\/p>\n<h2><strong>5. Glao Oscailte LLM-BRIDGE<\/strong><\/h2>\n<p>Cuims\u00edonn an tionscadal LLM-BRIDGE il <strong>Glaonna Oscailte<\/strong> do rannph\u00e1irtithe seachtracha.\u00a0<\/p>\n<ul>\n<li>\n<p><strong>Atreor\u00fa:<\/strong> Nuair a chlice\u00e1lann t\u00fa \u2018Iarratas a dh\u00e9anamh anois\u2019 n\u00f3 \u2018Foirm iarratais\u2019 le haghaidh Glao Oscailte, atreor\u00f3far t\u00fa chuig ard\u00e1n seachtrach, Hubspot.<\/p>\n<\/li>\n<li>\n<p><strong>Rialaitheoir Sonra\u00ed Sonrach:<\/strong>\u00a0<strong>28D\u00edcheallach<\/strong> feidhm\u00edonn s\u00e9 mar Rialaitheoir Sonra\u00ed neamhsple\u00e1ch le haghaidh na sonra\u00ed pearsanta uile a bhail\u00edtear tr\u00edd an bpr\u00f3iseas Glao Oscailte.<\/p>\n<\/li>\n<li>\n<p><strong>Raon feidhme:<\/strong> Beidh rochtain ag comhalta\u00ed cuibhreannais LLM-BRIDGE (i gc\u00e1s ina n-\u00fadara\u00edtear sin) agus ag an gCoimisi\u00fan Eorpach ar na sonra\u00ed sin chun cr\u00edoch meast\u00f3ireachta, conraitheoireachta agus ini\u00fach\u00f3ireachta.<\/p>\n<\/li>\n<li>\n<p><strong>Beartas:<\/strong> F\u00e9ach an Beartas Pr\u00edobh\u00e1ideachais sonrach a chuirtear ar f\u00e1il ar an ard\u00e1n feidhmchl\u00e1r seachtrach chun sonra\u00ed a fh\u00e1il faoin gcaoi a l\u00e1imhse\u00e1iltear do shonra\u00ed iarratais.<\/p>\n<\/li>\n<\/ul>\n<h2><strong>6. Comhroinnt Sonra\u00ed &amp;ampa; Coinne\u00e1il<\/strong><\/h2>\n<ul>\n<li>\n<p><strong>Rochtain ar Chuibhreannas:<\/strong> N\u00ed fh\u00e9adfar sonra\u00ed a chomhroinnt i measc na 10 gcomhalta de chuibhreannas LLM-BRIDGE ach amh\u00e1in nuair is g\u00e1 sin le haghaidh chusp\u00f3ir\u00ed an tionscadail.<\/p>\n<\/li>\n<li>\n<p><strong>Oibleag\u00e1id\u00ed AE:<\/strong> F\u00e9adfaimid staitistic\u00ed anaithnidithe a roinnt leis an gCoimisi\u00fan Eorpach mar chuid d\u00e1r n-oibleag\u00e1id\u00ed tuairiscithe.<\/p>\n<\/li>\n<li>\n<p><strong>Coinne\u00e1il:<\/strong> Coinn\u00edtear sonra\u00ed pearsanta a bhaineann le fiosr\u00fach\u00e1in ar an su\u00edomh gr\u00e9as\u00e1in ar feadh r\u00e9 an tionscadail (3 bliana) m\u00f3ide 5 bliana chun ceanglais ini\u00fach\u00f3ireachta an Aontais a chomhl\u00edonadh.<\/p>\n<\/li>\n<\/ul>\n<h3><strong>Glao Oscailte LLM-BRIDGE<\/strong><\/h3>\n<p><strong>Comhroinnt Sonra\u00ed le haghaidh Meast\u00f3ireachta:<\/strong> Nuair a dh\u00e9anann t\u00fa iarratas ar Ghlao Oscailte, bail\u00edonn <strong>28D\u00edcheallach<\/strong>. Mar sin f\u00e9in, chun pr\u00f3iseas roghn\u00fach\u00e1in an tionscadail a chomhl\u00edonadh, f\u00e9adfar na sonra\u00ed sin a chomhroinnt le hionadaithe \u00fadaraithe \u00f3n <strong>10 gcomhalta cuibhreannais LLM-BRIDGE<\/strong> agus saineolaithe neamhsple\u00e1cha seachtracha a d\u2019fh\u00e9adfadh a bheith ann.<\/p>\n<p>T\u00e1 an chomhroinnt sin teoranta go docht do na cusp\u00f3ir\u00ed seo a leanas:<\/p>\n<ul>\n<li>\n<p><strong>Meast\u00f3ireacht &amp; Roghn\u00fa:<\/strong> Meas\u00fan\u00fa a dh\u00e9anamh ar inch\u00e1ilitheacht agus ar ch\u00e1il\u00edocht do thogra.<\/p>\n<\/li>\n<li>\n<p><strong>Conraitheoireacht:<\/strong> Comhaontuithe Taca\u00edochta Airgeadais a ullmh\u00fa d\u2019iarratas\u00f3ir\u00ed rath\u00fala.<\/p>\n<\/li>\n<li>\n<p><strong>Bainist\u00edocht Tionscadail:<\/strong> Monat\u00f3ireacht a dh\u00e9anamh ar chur chun feidhme na dtionscadal roghnaithe.<\/p>\n<\/li>\n<li>\n<p><strong>Ini\u00fachadh &amp; Tuairisci\u00fa:<\/strong> An fhaisn\u00e9is is g\u00e1 a chomhroinnt leis an gCoimisi\u00fan Eorpach n\u00f3 le hini\u00fach\u00f3ir\u00ed chun dl\u00edthi\u00falacht dh\u00e1ileadh an chistithe a chruth\u00fa.<\/p>\n<\/li>\n<\/ul>\n<h2><strong>7. Do Chearta<\/strong><\/h2>\n<p>Faoin GDPR, t\u00e1 na cearta seo a leanas agat maidir le do shonra\u00ed:<\/p>\n<ul>\n<li>\n<p><strong>Rochtain agus Ceart\u00fa:<\/strong> F\u00e9adfaidh t\u00fa c\u00f3ip de do shonra\u00ed a iarraidh n\u00f3 ceart\u00fach\u00e1in a iarraidh.<\/p>\n<\/li>\n<li>\n<p><strong>Scriosadh (\u2018An ceart go nd\u00e9anfa\u00ed ligean i ndearmad\u2019):<\/strong> F\u00e9adfaidh t\u00fa a iarraidh orainn do shonra\u00ed pearsanta a scriosadh.<\/p>\n<\/li>\n<li>\n<p><strong>Ag\u00f3id i gcoinne Pr\u00f3ise\u00e1la:<\/strong> Is f\u00e9idir leat cur i gcoinne an \u00fas\u00e1id a bhainimid as do chuid sonra\u00ed chun cr\u00edocha staitisti\u00fala.<\/p>\n<\/li>\n<\/ul>\n<p>Chun na cearta sin a fheidhmi\u00fa, d\u00e9an teagmh\u00e1il le cuibhreannas LLM-BRIDGE: contact@llm-bridge.eu<\/p>\n<h2><strong>8. Maoin Intleacht\u00fail<\/strong><\/h2>\n<ul>\n<li>\n<p><strong>Tr\u00e1dmharcanna:<\/strong> T\u00e1 l\u00f3g\u00f3 agus ainm LLM-BRIDGE cosanta. Toirmisctear aon at\u00e1irgeadh neamh\u00fadaraithe.<\/p>\n<\/li>\n<li>\n<p><strong>\u00c1bhar:<\/strong> Mura luaitear a mhalairt, is le Cuibhreannas LLM-BRIDGE \u00e1bhar t\u00e9acs\u00fail agus me\u00e1in ar an su\u00edomh seo.<\/p>\n<\/li>\n<li>\n<p><strong>Naisc Sheachtracha:<\/strong> N\u00edlimid freagrach as \u00e1bhar n\u00f3 cleachtais phr\u00edobh\u00e1ideachais su\u00edomhanna gr\u00e9as\u00e1in seachtracha at\u00e1 nasctha \u00f3n\u00e1r n-ard\u00e1n (lena n-\u00e1ir\u00edtear na me\u00e1in sh\u00f3isialta agus an t-ard\u00e1n glaonna oscailte).<\/p>\n<\/li>\n<\/ul>\t\t\t\t\t\t\t\t<\/div>\n\t\t\t\t<div class=\"elementor-element elementor-element-de524ee elementor-widget elementor-widget-spacer\" data-id=\"de524ee\" data-element_type=\"widget\" data-widget_type=\"spacer.default\">\n\t\t\t\t\t\t\t<div class=\"elementor-spacer\">\n\t\t\t<div class=\"elementor-spacer-inner\"><\/div>\n\t\t<\/div>\n\t\t\t\t\t\t<\/div>\n\t\t\t\t\t<\/div>\n\t\t\t\t<\/div>\n\t\t\t\t<\/div>","protected":false},"excerpt":{"rendered":"<p>Polasa\u00ed Pr\u00edobh\u00e1ideachais &amp; F\u00f3gra\u00ed Dl\u00edthi\u00fala: LLM-BRIDGE An Nuashonr\u00fa Deireanach: Ean\u00e1ir 2026 1. Foilsitheoir agus Rialaitheoir Sonra\u00ed Is \u00e9 Alliance for Language Technologies (ALT-EDIC), Cuibhreannas don Bhonneagar Digiteach Eorpach a buna\u00edodh le Cinneadh (AE) 2024\/458 \u00f3n gCoimisi\u00fan Eorpach agus at\u00e1 cl\u00e1raithe sa Fhrainc mar chomhlachas (loi 1901), a chruthaigh agus a d\u2019fhoilsigh an su\u00edomh gr\u00e9as\u00e1in https:\/\/www.llm-bridge.eu\/, at\u00e1 cl\u00e1raithe faoi [...]<\/p>","protected":false},"author":1,"featured_media":0,"parent":0,"menu_order":0,"comment_status":"closed","ping_status":"open","template":"","meta":{"footnotes":""},"class_list":["post-3","page","type-page","status-publish","hentry"],"_links":{"self":[{"href":"https:\/\/www.llm-bridge.eu\/ga\/wp-json\/wp\/v2\/pages\/3","targetHints":{"allow":["GET"]}}],"collection":[{"href":"https:\/\/www.llm-bridge.eu\/ga\/wp-json\/wp\/v2\/pages"}],"about":[{"href":"https:\/\/www.llm-bridge.eu\/ga\/wp-json\/wp\/v2\/types\/page"}],"author":[{"embeddable":true,"href":"https:\/\/www.llm-bridge.eu\/ga\/wp-json\/wp\/v2\/users\/1"}],"replies":[{"embeddable":true,"href":"https:\/\/www.llm-bridge.eu\/ga\/wp-json\/wp\/v2\/comments?post=3"}],"version-history":[{"count":6,"href":"https:\/\/www.llm-bridge.eu\/ga\/wp-json\/wp\/v2\/pages\/3\/revisions"}],"predecessor-version":[{"id":612,"href":"https:\/\/www.llm-bridge.eu\/ga\/wp-json\/wp\/v2\/pages\/3\/revisions\/612"}],"wp:attachment":[{"href":"https:\/\/www.llm-bridge.eu\/ga\/wp-json\/wp\/v2\/media?parent=3"}],"curies":[{"name":"wp","href":"https:\/\/api.w.org\/{rel}","templated":true}]}}