{"id":960,"date":"2026-04-29T16:02:40","date_gmt":"2026-04-29T15:02:40","guid":{"rendered":"https:\/\/www.llm-bridge.eu\/?page_id=960"},"modified":"2026-04-29T17:15:25","modified_gmt":"2026-04-29T16:15:25","slug":"infoday-webinar-startups","status":"publish","type":"page","link":"https:\/\/www.llm-bridge.eu\/ga\/infoday-webinar-startups\/","title":{"rendered":"Ceisteanna Coitianta Gairm Oscailte do Ghn\u00f3lachta\u00ed Nuathionscanta"},"content":{"rendered":"<div data-elementor-type=\"wp-page\" data-elementor-id=\"960\" class=\"elementor elementor-960\">\n\t\t\t\t<div class=\"elementor-element elementor-element-4d35b40 e-flex e-con-boxed e-con e-parent\" data-id=\"4d35b40\" data-element_type=\"container\" data-settings=\"{&quot;background_background&quot;:&quot;classic&quot;,&quot;shape_divider_top&quot;:&quot;curve&quot;,&quot;shape_divider_top_negative&quot;:&quot;yes&quot;,&quot;shape_divider_bottom&quot;:&quot;curve&quot;,&quot;shape_divider_bottom_negative&quot;:&quot;yes&quot;}\">\n\t\t\t\t\t<div class=\"e-con-inner\">\n\t\t\t\t<div class=\"elementor-shape elementor-shape-top\" aria-hidden=\"true\" data-negative=\"true\">\n\t\t\t<svg xmlns=\"http:\/\/www.w3.org\/2000\/svg\" viewbox=\"0 0 1000 100\" preserveaspectratio=\"none\">\n\t<path class=\"elementor-shape-fill\" d=\"M500,97C126.7,96.3,0.8,19.8,0,0v100l1000,0V1C1000,19.4,873.3,97.8,500,97z\"\/>\n<\/svg>\t\t<\/div>\n\t\t\t\t<div class=\"elementor-shape elementor-shape-bottom\" aria-hidden=\"true\" data-negative=\"true\">\n\t\t\t<svg xmlns=\"http:\/\/www.w3.org\/2000\/svg\" viewbox=\"0 0 1000 100\" preserveaspectratio=\"none\">\n\t<path class=\"elementor-shape-fill\" d=\"M500,97C126.7,96.3,0.8,19.8,0,0v100l1000,0V1C1000,19.4,873.3,97.8,500,97z\"\/>\n<\/svg>\t\t<\/div>\n\t\t\t\t<div class=\"elementor-element elementor-element-d5c8867 elementor-widget elementor-widget-spacer\" data-id=\"d5c8867\" data-element_type=\"widget\" data-widget_type=\"spacer.default\">\n\t\t\t\t\t\t\t<div class=\"elementor-spacer\">\n\t\t\t<div class=\"elementor-spacer-inner\"><\/div>\n\t\t<\/div>\n\t\t\t\t\t\t<\/div>\n\t\t\t\t<div class=\"elementor-element elementor-element-4151573 elementor-widget elementor-widget-heading\" data-id=\"4151573\" data-element_type=\"widget\" data-widget_type=\"heading.default\">\n\t\t\t\t\t<h2 class=\"elementor-heading-title elementor-size-default\">Glao Oscailte ar Ghn\u00f3lachta\u00ed Nuathionscanta \u2013 Acmhainn\u00ed &amp;ampa; Ceisteanna Coitianta\n<\/h2>\t\t\t\t<\/div>\n\t\t\t\t<div class=\"elementor-element elementor-element-2e5a29c elementor-widget__width-initial elementor-widget elementor-widget-text-editor\" data-id=\"2e5a29c\" data-element_type=\"widget\" data-widget_type=\"text-editor.default\">\n\t\t\t\t\t\t\t\t\t<p>Anseo th\u00edos, is f\u00e9idir leat na hacmhainn\u00ed go l\u00e9ir a fh\u00e1il \u00f3n\u00e1r seisi\u00fan seimine\u00e1r gr\u00e9as\u00e1in Infoday le d\u00e9ana\u00ed, lena n-\u00e1ir\u00edtear na sleamhn\u00e1in cur i l\u00e1thair, taifeadadh den seisi\u00fan beo, agus freagra\u00ed ar cheisteanna coitianta.\u00a0<\/p><p>An bhfuil ceisteanna agat f\u00f3s? T\u00e9igh i dteagmh\u00e1il le Deasc Chabhrach na nGlaonna Oscailte: <a href=\"mailto:llm-bridge@28digital.eu\">llm-bridge@28digital.eu.<\/a><\/p>\t\t\t\t\t\t\t\t<\/div>\n\t\t\t\t<div class=\"elementor-element elementor-element-f8341ab elementor-widget__width-initial elementor-widget elementor-widget-video\" data-id=\"f8341ab\" data-element_type=\"widget\" data-settings=\"{&quot;video_type&quot;:&quot;hosted&quot;,&quot;controls&quot;:&quot;yes&quot;}\" data-widget_type=\"video.default\">\n\t\t\t\t\t\t\t<div class=\"e-hosted-video elementor-wrapper elementor-open-inline\">\n\t\t\t\t\t<video class=\"elementor-video\" src=\"https:\/\/www.llm-bridge.eu\/wp-content\/uploads\/2026\/03\/Short-version-Info-Session-LLM-BRIGDE-Venture-Incubation-Programme-Open-Call-for-Incubators-1st-Call-20260225_100019UTC-Meeting-Recording.mp4\" controls=\"\" preload=\"metadata\" controlslist=\"nodownload\"><\/video>\n\t\t\t\t<\/div>\n\t\t\t\t\t\t<\/div>\n\t\t\t\t<div class=\"elementor-element elementor-element-aad07b9 elementor-widget elementor-widget-spacer\" data-id=\"aad07b9\" data-element_type=\"widget\" data-widget_type=\"spacer.default\">\n\t\t\t\t\t\t\t<div class=\"elementor-spacer\">\n\t\t\t<div class=\"elementor-spacer-inner\"><\/div>\n\t\t<\/div>\n\t\t\t\t\t\t<\/div>\n\t\t\t\t<div class=\"elementor-element elementor-element-10b18f7 elementor-align-center e-transform elementor-widget elementor-widget-button\" data-id=\"10b18f7\" data-element_type=\"widget\" data-settings=\"{&quot;_animation&quot;:&quot;none&quot;,&quot;_transform_scale_effect_hover&quot;:{&quot;unit&quot;:&quot;px&quot;,&quot;size&quot;:1.2,&quot;sizes&quot;:[]},&quot;_transform_scale_effect_hover_tablet&quot;:{&quot;unit&quot;:&quot;px&quot;,&quot;size&quot;:&quot;&quot;,&quot;sizes&quot;:[]},&quot;_transform_scale_effect_hover_mobile&quot;:{&quot;unit&quot;:&quot;px&quot;,&quot;size&quot;:&quot;&quot;,&quot;sizes&quot;:[]}}\" data-widget_type=\"button.default\">\n\t\t\t\t\t\t\t\t\t\t<a class=\"elementor-button elementor-button-link elementor-size-sm\" href=\"https:\/\/www.llm-bridge.eu\/wp-content\/uploads\/2026\/04\/27042026_LLM_VIP2026_Info_Webinar_Startup_Call-1.pdf\">\n\t\t\t\t\t\t<span class=\"elementor-button-content-wrapper\">\n\t\t\t\t\t\t\t\t\t<span class=\"elementor-button-text\">\u00cdosl\u00f3d\u00e1il na sleamhn\u00e1in<\/span>\n\t\t\t\t\t<\/span>\n\t\t\t\t\t<\/a>\n\t\t\t\t\t\t\t\t<\/div>\n\t\t\t\t<div class=\"elementor-element elementor-element-f62a559 elementor-widget elementor-widget-spacer\" data-id=\"f62a559\" data-element_type=\"widget\" data-widget_type=\"spacer.default\">\n\t\t\t\t\t\t\t<div class=\"elementor-spacer\">\n\t\t\t<div class=\"elementor-spacer-inner\"><\/div>\n\t\t<\/div>\n\t\t\t\t\t\t<\/div>\n\t\t\t\t<div class=\"elementor-element elementor-element-1726424 elementor-widget elementor-widget-heading\" data-id=\"1726424\" data-element_type=\"widget\" data-widget_type=\"heading.default\">\n\t\t\t\t\t<h2 class=\"elementor-heading-title elementor-size-default\">F\u00e9ach na Ceisteanna Coitianta<\/h2>\t\t\t\t<\/div>\n\t\t\t\t<div class=\"elementor-element elementor-element-b6732c1 elementor-widget elementor-widget-text-editor\" data-id=\"b6732c1\" data-element_type=\"widget\" data-widget_type=\"text-editor.default\">\n\t\t\t\t\t\t\t\t\t<p>An nuashonr\u00fa is d\u00e9ana\u00ed: 29 Aibre\u00e1n 2026<\/p>\t\t\t\t\t\t\t\t<\/div>\n\t\t\t\t<div class=\"elementor-element elementor-element-95d1b75 elementor-widget__width-initial elementor-widget elementor-widget-n-accordion\" data-id=\"95d1b75\" data-element_type=\"widget\" data-settings=\"{&quot;default_state&quot;:&quot;expanded&quot;,&quot;max_items_expended&quot;:&quot;one&quot;,&quot;n_accordion_animation_duration&quot;:{&quot;unit&quot;:&quot;ms&quot;,&quot;size&quot;:400,&quot;sizes&quot;:[]}}\" data-widget_type=\"nested-accordion.default\">\n\t\t\t\t\t\t\t<div class=\"e-n-accordion\" aria-label=\"Comhaont\u00fa. Naisc oscailte le Iontr\u00e1il n\u00f3 Sp\u00e1s, gar do \u00c9al\u00fa, agus nasclean\u00faint a dh\u00e9anamh le hEochracha Arrow\">\n\t\t\t\t\t\t<details id=\"e-n-accordion-item-1570\" class=\"e-n-accordion-item\" open>\n\t\t\t\t<summary class=\"e-n-accordion-item-title\" data-accordion-index=\"1\" tabindex=\"0\" aria-expanded=\"true\" aria-controls=\"e-n-accordion-item-1570\" >\n\t\t\t\t\t<span class='e-n-accordion-item-title-header'><div class=\"e-n-accordion-item-title-text\"> C\u00e9 mh\u00e9ad gn\u00f3lacht nuathionscanta a roghn\u00f3far? <\/div><\/span>\n\t\t\t\t\t\t\t<span class='e-n-accordion-item-title-icon'>\n\t\t\t<span class='e-opened' ><svg aria-hidden=\"true\" class=\"e-font-icon-svg e-fas-minus\" viewbox=\"0 0 448 512\" xmlns=\"http:\/\/www.w3.org\/2000\/svg\"><path d=\"M416 208H32c-17.67 0-32 14.33-32 32v32c0 17.67 14.33 32 32 32h384c17.67 0 32-14.33 32-32v-32c0-17.67-14.33-32-32-32z\"><\/path><\/svg><\/span>\n\t\t\t<span class='e-closed'><svg aria-hidden=\"true\" class=\"e-font-icon-svg e-fas-plus\" viewbox=\"0 0 448 512\" xmlns=\"http:\/\/www.w3.org\/2000\/svg\"><path d=\"M416 208H272V64c0-17.67-14.33-32-32-32h-32c-17.67 0-32 14.33-32 32v144H32c-17.67 0-32 14.33-32 32v32c0 17.67 14.33 32 32 32h144v144c0 17.67 14.33 32 32 32h32c17.67 0 32-14.33 32-32V304h144c17.67 0 32-14.33 32-32v-32c0-17.67-14.33-32-32-32z\"><\/path><\/svg><\/span>\n\t\t<\/span>\n\n\t\t\t\t\t\t<\/summary>\n\t\t\t\t<div role=\"region\" aria-labelledby=\"e-n-accordion-item-1570\" class=\"elementor-element elementor-element-b41ee9f e-flex e-con-boxed e-con e-child\" data-id=\"b41ee9f\" data-element_type=\"container\">\n\t\t\t\t\t<div class=\"e-con-inner\">\n\t\t\t\t<div class=\"elementor-element elementor-element-a8ca323 elementor-widget elementor-widget-text-editor\" data-id=\"a8ca323\" data-element_type=\"widget\" data-widget_type=\"text-editor.default\">\n\t\t\t\t\t\t\t\t\t<p>Roghn\u00f3far 30 gn\u00f3lacht nuathionscanta don ch\u00e9ad choh\u00f3rt den Chl\u00e1r Gorlainne Fiontair (VIP). Beidh 3 choh\u00f3rt VIP ar fud an tionscadail LLM-BRIDGE san ioml\u00e1n.<\/p>\t\t\t\t\t\t\t\t<\/div>\n\t\t\t\t\t<\/div>\n\t\t\t\t<\/div>\n\t\t\t\t\t<\/details>\n\t\t\t\t\t\t<details id=\"e-n-accordion-item-1571\" class=\"e-n-accordion-item\" >\n\t\t\t\t<summary class=\"e-n-accordion-item-title\" data-accordion-index=\"2\" tabindex=\"-1\" aria-expanded=\"false\" aria-controls=\"e-n-accordion-item-1571\" >\n\t\t\t\t\t<span class='e-n-accordion-item-title-header'><div class=\"e-n-accordion-item-title-text\"> C\u00e9 mh\u00e9ad gn\u00f3lacht nuathionscanta a gheobhaidh an deontas taca\u00edochta airgeadais? <\/div><\/span>\n\t\t\t\t\t\t\t<span class='e-n-accordion-item-title-icon'>\n\t\t\t<span class='e-opened' ><svg aria-hidden=\"true\" class=\"e-font-icon-svg e-fas-minus\" viewbox=\"0 0 448 512\" xmlns=\"http:\/\/www.w3.org\/2000\/svg\"><path d=\"M416 208H32c-17.67 0-32 14.33-32 32v32c0 17.67 14.33 32 32 32h384c17.67 0 32-14.33 32-32v-32c0-17.67-14.33-32-32-32z\"><\/path><\/svg><\/span>\n\t\t\t<span class='e-closed'><svg aria-hidden=\"true\" class=\"e-font-icon-svg e-fas-plus\" viewbox=\"0 0 448 512\" xmlns=\"http:\/\/www.w3.org\/2000\/svg\"><path d=\"M416 208H272V64c0-17.67-14.33-32-32-32h-32c-17.67 0-32 14.33-32 32v144H32c-17.67 0-32 14.33-32 32v32c0 17.67 14.33 32 32 32h144v144c0 17.67 14.33 32 32 32h32c17.67 0 32-14.33 32-32V304h144c17.67 0 32-14.33 32-32v-32c0-17.67-14.33-32-32-32z\"><\/path><\/svg><\/span>\n\t\t<\/span>\n\n\t\t\t\t\t\t<\/summary>\n\t\t\t\t<div role=\"region\" aria-labelledby=\"e-n-accordion-item-1571\" class=\"elementor-element elementor-element-ff66b70 e-flex e-con-boxed e-con e-child\" data-id=\"ff66b70\" data-element_type=\"container\">\n\t\t\t\t\t<div class=\"e-con-inner\">\n\t\t\t\t<div class=\"elementor-element elementor-element-db836e5 elementor-widget elementor-widget-text-editor\" data-id=\"db836e5\" data-element_type=\"widget\" data-widget_type=\"text-editor.default\">\n\t\t\t\t\t\t\t\t\t<p>Beidh c\u00faig cinn de na gn\u00f3lachta\u00ed nuathionscanta is fearr feidhm\u00edochta inch\u00e1ilithe chun taca\u00edocht airgeadais dar luach EUR 25 000 a fh\u00e1il.\u00a0<\/p><p>Chun a bheith inch\u00e1ilithe don duais deiridh EUR 25 000, n\u00ed m\u00f3r don eintiteas a bheith corpraithe n\u00f3 bunaithe go dl\u00edthi\u00fail i dt\u00edr at\u00e1 inch\u00e1ilithe faoin <a href=\"https:\/\/digital-strategy.ec.europa.eu\/en\/faqs\/questions-and-answers-digital-europe-programme#:~:text=At%20this%20time%2C%20EFTA%2FEEA,and%20Herzegovina%20are%20associated%20countries.\">An Cl\u00e1r don Eoraip Dhigiteach<\/a> (DEP).<\/p><p>T\u00e1 tuilleadh eolais ar f\u00e1il in Alt 7 (Taca\u00edocht Airgeadais do Ghn\u00f3lachta\u00ed Nuathionscanta) <a href=\"https:\/\/www.llm-bridge.eu\/wp-content\/uploads\/2026\/04\/LLM-Bridge-Venture-Incubation-Program-2026-Startup-Call_20260401_.pdf\">Doicim\u00e9ad faoin nGlao Oscailte<\/a>.\u00a0<\/p>\t\t\t\t\t\t\t\t<\/div>\n\t\t\t\t\t<\/div>\n\t\t\t\t<\/div>\n\t\t\t\t\t<\/details>\n\t\t\t\t\t\t<details id=\"e-n-accordion-item-1572\" class=\"e-n-accordion-item\" >\n\t\t\t\t<summary class=\"e-n-accordion-item-title\" data-accordion-index=\"3\" tabindex=\"-1\" aria-expanded=\"false\" aria-controls=\"e-n-accordion-item-1572\" >\n\t\t\t\t\t<span class='e-n-accordion-item-title-header'><div class=\"e-n-accordion-item-title-text\"> An bhfuil teorainn aoise n\u00f3 d\u00e1ta corpraithe ann do ghn\u00f3lachta\u00ed nuathionscanta a bhfuil feidhm aici maidir leis an VIP?   <\/div><\/span>\n\t\t\t\t\t\t\t<span class='e-n-accordion-item-title-icon'>\n\t\t\t<span class='e-opened' ><svg aria-hidden=\"true\" class=\"e-font-icon-svg e-fas-minus\" viewbox=\"0 0 448 512\" xmlns=\"http:\/\/www.w3.org\/2000\/svg\"><path d=\"M416 208H32c-17.67 0-32 14.33-32 32v32c0 17.67 14.33 32 32 32h384c17.67 0 32-14.33 32-32v-32c0-17.67-14.33-32-32-32z\"><\/path><\/svg><\/span>\n\t\t\t<span class='e-closed'><svg aria-hidden=\"true\" class=\"e-font-icon-svg e-fas-plus\" viewbox=\"0 0 448 512\" xmlns=\"http:\/\/www.w3.org\/2000\/svg\"><path d=\"M416 208H272V64c0-17.67-14.33-32-32-32h-32c-17.67 0-32 14.33-32 32v144H32c-17.67 0-32 14.33-32 32v32c0 17.67 14.33 32 32 32h144v144c0 17.67 14.33 32 32 32h32c17.67 0 32-14.33 32-32V304h144c17.67 0 32-14.33 32-32v-32c0-17.67-14.33-32-32-32z\"><\/path><\/svg><\/span>\n\t\t<\/span>\n\n\t\t\t\t\t\t<\/summary>\n\t\t\t\t<div role=\"region\" aria-labelledby=\"e-n-accordion-item-1572\" class=\"elementor-element elementor-element-827800c e-con-full e-flex e-con e-child\" data-id=\"827800c\" data-element_type=\"container\">\n\t\t\t\t<div class=\"elementor-element elementor-element-99b6ded elementor-widget elementor-widget-text-editor\" data-id=\"99b6ded\" data-element_type=\"widget\" data-widget_type=\"text-editor.default\">\n\t\t\t\t\t\t\t\t\t<p>N\u00edl aon riachtanas dian ann maidir le haois n\u00e1 d\u00e1ta corpraithe, ach t\u00e1 an cl\u00e1r curtha in oiri\u00faint d\u2019fhiontair luathch\u00e9ime (lena n-\u00e1ir\u00edtear foirne r\u00e9amhchorpraithe). Mar a luaitear i Roinn 4.1 (Crit\u00e9ir Inch\u00e1ilitheachta) sa <a href=\"https:\/\/www.llm-bridge.eu\/wp-content\/uploads\/2026\/04\/LLM-Bridge-Venture-Incubation-Program-2026-Startup-Call_20260401_.pdf\">Doicim\u00e9ad faoin nGlao Oscailte<\/a>, n\u00ed m\u00f3r d\u2019iarratas\u00f3ir\u00ed a bheith \u2018ag feidhmi\u00fa ag c\u00e9im luath forbartha le crit\u00e9ir nu\u00e1la\u00edochta l\u00e9irithe.\u2019 T\u00e1thar ag s\u00fail go mbeidh iarratas\u00f3ir\u00ed ag c\u00e9im luath forbartha, toisc go bhfuil an cl\u00e1r ceaptha chun tac\u00fa le fiontair luathch\u00e9ime a bhfuil acmhainneacht nu\u00e1la\u00edochta l\u00e9irithe acu.<\/p>\t\t\t\t\t\t\t\t<\/div>\n\t\t\t\t<\/div>\n\t\t\t\t\t<\/details>\n\t\t\t\t\t\t<details id=\"e-n-accordion-item-1573\" class=\"e-n-accordion-item\" >\n\t\t\t\t<summary class=\"e-n-accordion-item-title\" data-accordion-index=\"4\" tabindex=\"-1\" aria-expanded=\"false\" aria-controls=\"e-n-accordion-item-1573\" >\n\t\t\t\t\t<span class='e-n-accordion-item-title-header'><div class=\"e-n-accordion-item-title-text\"> An bhfuil aon bhunaitheoir amh\u00e1in inch\u00e1ilithe le hiarratas a dh\u00e9anamh? <\/div><\/span>\n\t\t\t\t\t\t\t<span class='e-n-accordion-item-title-icon'>\n\t\t\t<span class='e-opened' ><svg aria-hidden=\"true\" class=\"e-font-icon-svg e-fas-minus\" viewbox=\"0 0 448 512\" xmlns=\"http:\/\/www.w3.org\/2000\/svg\"><path d=\"M416 208H32c-17.67 0-32 14.33-32 32v32c0 17.67 14.33 32 32 32h384c17.67 0 32-14.33 32-32v-32c0-17.67-14.33-32-32-32z\"><\/path><\/svg><\/span>\n\t\t\t<span class='e-closed'><svg aria-hidden=\"true\" class=\"e-font-icon-svg e-fas-plus\" viewbox=\"0 0 448 512\" xmlns=\"http:\/\/www.w3.org\/2000\/svg\"><path d=\"M416 208H272V64c0-17.67-14.33-32-32-32h-32c-17.67 0-32 14.33-32 32v144H32c-17.67 0-32 14.33-32 32v32c0 17.67 14.33 32 32 32h144v144c0 17.67 14.33 32 32 32h32c17.67 0 32-14.33 32-32V304h144c17.67 0 32-14.33 32-32v-32c0-17.67-14.33-32-32-32z\"><\/path><\/svg><\/span>\n\t\t<\/span>\n\n\t\t\t\t\t\t<\/summary>\n\t\t\t\t<div role=\"region\" aria-labelledby=\"e-n-accordion-item-1573\" class=\"elementor-element elementor-element-d69313c e-flex e-con-boxed e-con e-child\" data-id=\"d69313c\" data-element_type=\"container\">\n\t\t\t\t\t<div class=\"e-con-inner\">\n\t\t\t\t<div class=\"elementor-element elementor-element-8c125d7 elementor-widget elementor-widget-text-editor\" data-id=\"8c125d7\" data-element_type=\"widget\" data-widget_type=\"text-editor.default\">\n\t\t\t\t\t\t\t\t\t<p>T\u00e1 cuideachta\u00ed aonbhunaithe i dteideal iarratas a dh\u00e9anamh.<\/p><p>\u00c9 sin r\u00e1ite, ba cheart d\u2019iarratas\u00f3ir\u00ed a bheith in ann a l\u00e9iri\u00fa go bhfuil s\u00e9 d\u2019acmhainn acu sc\u00e1la a dh\u00e9anamh thar bhunaitheoir aonair. D\u00e1 bhr\u00ed sin, d\u2019fh\u00e9adfadh s\u00e9 gur mhian le hiarratas\u00f3ir\u00ed aonbhunaithe aird ar leith a thabhairt ar an gcaoi a gcuireann siad a n-acmhainneacht oibr\u00edocht\u00fail, a dtaca\u00edocht chomhairleach, a bpleananna fruilithe, a gcomhph\u00e1irt\u00edochta\u00ed n\u00f3 s\u00e1sra\u00ed eile i l\u00e1thair a chuideoidh leo riosca\u00ed f\u00e1is agus forghn\u00edomhaithe a bhainisti\u00fa.<\/p>\t\t\t\t\t\t\t\t<\/div>\n\t\t\t\t\t<\/div>\n\t\t\t\t<\/div>\n\t\t\t\t\t<\/details>\n\t\t\t\t\t\t<details id=\"e-n-accordion-item-1574\" class=\"e-n-accordion-item\" >\n\t\t\t\t<summary class=\"e-n-accordion-item-title\" data-accordion-index=\"5\" tabindex=\"-1\" aria-expanded=\"false\" aria-controls=\"e-n-accordion-item-1574\" >\n\t\t\t\t\t<span class='e-n-accordion-item-title-header'><div class=\"e-n-accordion-item-title-text\"> An bhfuil g\u00e1 le fr\u00e9amhshamhail at\u00e1 ann cheana? An bhfuil gn\u00f3lachta\u00ed nuathionscanta ag c\u00e9im an choincheapa inch\u00e1ilithe?  <\/div><\/span>\n\t\t\t\t\t\t\t<span class='e-n-accordion-item-title-icon'>\n\t\t\t<span class='e-opened' ><svg aria-hidden=\"true\" class=\"e-font-icon-svg e-fas-minus\" viewbox=\"0 0 448 512\" xmlns=\"http:\/\/www.w3.org\/2000\/svg\"><path d=\"M416 208H32c-17.67 0-32 14.33-32 32v32c0 17.67 14.33 32 32 32h384c17.67 0 32-14.33 32-32v-32c0-17.67-14.33-32-32-32z\"><\/path><\/svg><\/span>\n\t\t\t<span class='e-closed'><svg aria-hidden=\"true\" class=\"e-font-icon-svg e-fas-plus\" viewbox=\"0 0 448 512\" xmlns=\"http:\/\/www.w3.org\/2000\/svg\"><path d=\"M416 208H272V64c0-17.67-14.33-32-32-32h-32c-17.67 0-32 14.33-32 32v144H32c-17.67 0-32 14.33-32 32v32c0 17.67 14.33 32 32 32h144v144c0 17.67 14.33 32 32 32h32c17.67 0 32-14.33 32-32V304h144c17.67 0 32-14.33 32-32v-32c0-17.67-14.33-32-32-32z\"><\/path><\/svg><\/span>\n\t\t<\/span>\n\n\t\t\t\t\t\t<\/summary>\n\t\t\t\t<div role=\"region\" aria-labelledby=\"e-n-accordion-item-1574\" class=\"elementor-element elementor-element-fe7e5c6 e-flex e-con-boxed e-con e-child\" data-id=\"fe7e5c6\" data-element_type=\"container\">\n\t\t\t\t\t<div class=\"e-con-inner\">\n\t\t\t\t<div class=\"elementor-element elementor-element-7231d55 elementor-widget elementor-widget-text-editor\" data-id=\"7231d55\" data-element_type=\"widget\" data-widget_type=\"text-editor.default\">\n\t\t\t\t\t\t\t\t\t<p>N\u00ed shainmh\u00edn\u00edtear fr\u00e9amhshamhail go foirmi\u00fail mar thairseach dhocht inch\u00e1ilitheachta, ach t\u00e1thar ag s\u00fail go l\u00e9ireoidh togra\u00ed fr\u00e9amhshamhail fheidhmi\u00fail n\u00f3 aib\u00edocht theicni\u00fail inchompar\u00e1ide ar a laghad. N\u00ed d\u00f3cha go mbeidh smaointe glana ag c\u00e9im an choincheapa gan cur chun feidhme ioma\u00edoch, toisc go gcuirtear b\u00e9im shainr\u00e1ite sa mheast\u00f3ireacht ar aib\u00edocht agus ind\u00e9antacht an r\u00e9itigh.\u00a0I mbeag\u00e1n focal, ba cheart go mbeadh rud \u00e9igin inl\u00e9irithe (leibh\u00e9al fr\u00e9amhshamhla) ag iarratas\u00f3ir\u00ed cheana f\u00e9in ar f\u00e9idir \u00e9 a bhail\u00edocht\u00fa, a fheabhs\u00fa agus a bhr\u00fa i dtreo oiri\u00fanach do mhargadh an t\u00e1irge le linn an ghoir 12 sheachtain.<\/p>\t\t\t\t\t\t\t\t<\/div>\n\t\t\t\t\t<\/div>\n\t\t\t\t<\/div>\n\t\t\t\t\t<\/details>\n\t\t\t\t\t\t<details id=\"e-n-accordion-item-1575\" class=\"e-n-accordion-item\" >\n\t\t\t\t<summary class=\"e-n-accordion-item-title\" data-accordion-index=\"6\" tabindex=\"-1\" aria-expanded=\"false\" aria-controls=\"e-n-accordion-item-1575\" >\n\t\t\t\t\t<span class='e-n-accordion-item-title-header'><div class=\"e-n-accordion-item-title-text\"> An bhfuil cuideachta\u00ed neamhchorpraithe i dteideal iarratas a dh\u00e9anamh? <\/div><\/span>\n\t\t\t\t\t\t\t<span class='e-n-accordion-item-title-icon'>\n\t\t\t<span class='e-opened' ><svg aria-hidden=\"true\" class=\"e-font-icon-svg e-fas-minus\" viewbox=\"0 0 448 512\" xmlns=\"http:\/\/www.w3.org\/2000\/svg\"><path d=\"M416 208H32c-17.67 0-32 14.33-32 32v32c0 17.67 14.33 32 32 32h384c17.67 0 32-14.33 32-32v-32c0-17.67-14.33-32-32-32z\"><\/path><\/svg><\/span>\n\t\t\t<span class='e-closed'><svg aria-hidden=\"true\" class=\"e-font-icon-svg e-fas-plus\" viewbox=\"0 0 448 512\" xmlns=\"http:\/\/www.w3.org\/2000\/svg\"><path d=\"M416 208H272V64c0-17.67-14.33-32-32-32h-32c-17.67 0-32 14.33-32 32v144H32c-17.67 0-32 14.33-32 32v32c0 17.67 14.33 32 32 32h144v144c0 17.67 14.33 32 32 32h32c17.67 0 32-14.33 32-32V304h144c17.67 0 32-14.33 32-32v-32c0-17.67-14.33-32-32-32z\"><\/path><\/svg><\/span>\n\t\t<\/span>\n\n\t\t\t\t\t\t<\/summary>\n\t\t\t\t<div role=\"region\" aria-labelledby=\"e-n-accordion-item-1575\" class=\"elementor-element elementor-element-b35a2ae e-flex e-con-boxed e-con e-child\" data-id=\"b35a2ae\" data-element_type=\"container\">\n\t\t\t\t\t<div class=\"e-con-inner\">\n\t\t\t\t<div class=\"elementor-element elementor-element-7d6cdc1 elementor-widget elementor-widget-text-editor\" data-id=\"7d6cdc1\" data-element_type=\"widget\" data-widget_type=\"text-editor.default\">\n\t\t\t\t\t\t\t\t\t<p>Mar a luaitear i Roinn 4.1 (Crit\u00e9ir inch\u00e1ilitheachta geografa\u00ed), n\u00ed m\u00f3r d\u2019iarratas\u00f3ir\u00ed a bheith bunaithe go dl\u00edthi\u00fail i dt\u00edr at\u00e1 inch\u00e1ilithe faoin <a href=\"https:\/\/digital-strategy.ec.europa.eu\/en\/faqs\/questions-and-answers-digital-europe-programme#:~:text=At%20this%20time%2C%20EFTA%2FEEA,and%20Herzegovina%20are%20associated%20countries.\">An Cl\u00e1r don Eoraip Dhigiteach<\/a> (DEP). I gc\u00e1s iarratas\u00f3ir\u00ed nach bhfuil cuideachta at\u00e1 bunaithe go dl\u00edthi\u00fail n\u00e1 cuideachta neamhchorpraithe acu go f\u00f3ill, cuirfear n\u00e1isi\u00fantacht agus \u00e1it ch\u00f3naithe na mbunaitheoir\u00ed san \u00e1ireamh san inch\u00e1ilitheacht.<\/p>\t\t\t\t\t\t\t\t<\/div>\n\t\t\t\t\t<\/div>\n\t\t\t\t<\/div>\n\t\t\t\t\t<\/details>\n\t\t\t\t\t\t<details id=\"e-n-accordion-item-1576\" class=\"e-n-accordion-item\" >\n\t\t\t\t<summary class=\"e-n-accordion-item-title\" data-accordion-index=\"7\" tabindex=\"-1\" aria-expanded=\"false\" aria-controls=\"e-n-accordion-item-1576\" >\n\t\t\t\t\t<span class='e-n-accordion-item-title-header'><div class=\"e-n-accordion-item-title-text\"> Conas a chinntear t\u00edr rannph\u00e1irt\u00edochta an iarratas\u00f3ra? An bhfuil iarratas\u00f3ir\u00ed neamh-Eorpacha at\u00e1 bunaithe i dt\u00edr de chuid an Aontais n\u00f3 i dt\u00edr de chuid an Chl\u00e1ir don Eoraip Dhigiteach inch\u00e1ilithe? <\/div><\/span>\n\t\t\t\t\t\t\t<span class='e-n-accordion-item-title-icon'>\n\t\t\t<span class='e-opened' ><svg aria-hidden=\"true\" class=\"e-font-icon-svg e-fas-minus\" viewbox=\"0 0 448 512\" xmlns=\"http:\/\/www.w3.org\/2000\/svg\"><path d=\"M416 208H32c-17.67 0-32 14.33-32 32v32c0 17.67 14.33 32 32 32h384c17.67 0 32-14.33 32-32v-32c0-17.67-14.33-32-32-32z\"><\/path><\/svg><\/span>\n\t\t\t<span class='e-closed'><svg aria-hidden=\"true\" class=\"e-font-icon-svg e-fas-plus\" viewbox=\"0 0 448 512\" xmlns=\"http:\/\/www.w3.org\/2000\/svg\"><path d=\"M416 208H272V64c0-17.67-14.33-32-32-32h-32c-17.67 0-32 14.33-32 32v144H32c-17.67 0-32 14.33-32 32v32c0 17.67 14.33 32 32 32h144v144c0 17.67 14.33 32 32 32h32c17.67 0 32-14.33 32-32V304h144c17.67 0 32-14.33 32-32v-32c0-17.67-14.33-32-32-32z\"><\/path><\/svg><\/span>\n\t\t<\/span>\n\n\t\t\t\t\t\t<\/summary>\n\t\t\t\t<div role=\"region\" aria-labelledby=\"e-n-accordion-item-1576\" class=\"elementor-element elementor-element-348d457 e-flex e-con-boxed e-con e-child\" data-id=\"348d457\" data-element_type=\"container\">\n\t\t\t\t\t<div class=\"e-con-inner\">\n\t\t\t\t<div class=\"elementor-element elementor-element-8b2988f elementor-widget elementor-widget-text-editor\" data-id=\"8b2988f\" data-element_type=\"widget\" data-widget_type=\"text-editor.default\">\n\t\t\t\t\t\t\t\t\t<p>D\u00e9anfar meas\u00fan\u00fa ar inch\u00e1ilitheacht sa ch\u00e1s seo bunaithe ar ch\u00f3naitheacht na foirne. De r\u00e9ir na gcrit\u00e9ar inch\u00e1ilitheachta geografa\u00ed i Roinn 4.1, n\u00ed m\u00f3r d\u2019iarratas\u00f3ir\u00ed a bheith bunaithe go dl\u00edthi\u00fail i dt\u00edr at\u00e1 inch\u00e1ilithe faoin <a href=\"https:\/\/digital-strategy.ec.europa.eu\/en\/faqs\/questions-and-answers-digital-europe-programme#:~:text=At%20this%20time%2C%20EFTA%2FEEA,and%20Herzegovina%20are%20associated%20countries.\">An Cl\u00e1r don Eoraip Dhigiteach<\/a> (DEP). I gc\u00e1s iarratas\u00f3ir\u00ed nach bhfuil cuideachta bhunaithe acu, cinnfear inch\u00e1ilitheacht bunaithe ar th\u00edr ch\u00f3naithe na mbunaitheoir\u00ed.<\/p><p>Chun a bheith inch\u00e1ilithe don duais deiridh EUR 25 000, tabhair do d\u2019aire nach m\u00f3r an t-eintiteas a ionchorpr\u00fa n\u00f3 a bhun\u00fa go dl\u00edthi\u00fail i dt\u00edr at\u00e1 inch\u00e1ilithe faoin gCl\u00e1r don Eoraip Dhigiteach.<\/p>\t\t\t\t\t\t\t\t<\/div>\n\t\t\t\t\t<\/div>\n\t\t\t\t<\/div>\n\t\t\t\t\t<\/details>\n\t\t\t\t\t\t<details id=\"e-n-accordion-item-1577\" class=\"e-n-accordion-item\" >\n\t\t\t\t<summary class=\"e-n-accordion-item-title\" data-accordion-index=\"8\" tabindex=\"-1\" aria-expanded=\"false\" aria-controls=\"e-n-accordion-item-1577\" >\n\t\t\t\t\t<span class='e-n-accordion-item-title-header'><div class=\"e-n-accordion-item-title-text\"> An mbeadh gn\u00f3lacht nuathionscanta a \u00fas\u00e1ideann cur chuige hibrideach IS ina iarrth\u00f3ir oiri\u00fanach don VIP? <\/div><\/span>\n\t\t\t\t\t\t\t<span class='e-n-accordion-item-title-icon'>\n\t\t\t<span class='e-opened' ><svg aria-hidden=\"true\" class=\"e-font-icon-svg e-fas-minus\" viewbox=\"0 0 448 512\" xmlns=\"http:\/\/www.w3.org\/2000\/svg\"><path d=\"M416 208H32c-17.67 0-32 14.33-32 32v32c0 17.67 14.33 32 32 32h384c17.67 0 32-14.33 32-32v-32c0-17.67-14.33-32-32-32z\"><\/path><\/svg><\/span>\n\t\t\t<span class='e-closed'><svg aria-hidden=\"true\" class=\"e-font-icon-svg e-fas-plus\" viewbox=\"0 0 448 512\" xmlns=\"http:\/\/www.w3.org\/2000\/svg\"><path d=\"M416 208H272V64c0-17.67-14.33-32-32-32h-32c-17.67 0-32 14.33-32 32v144H32c-17.67 0-32 14.33-32 32v32c0 17.67 14.33 32 32 32h144v144c0 17.67 14.33 32 32 32h32c17.67 0 32-14.33 32-32V304h144c17.67 0 32-14.33 32-32v-32c0-17.67-14.33-32-32-32z\"><\/path><\/svg><\/span>\n\t\t<\/span>\n\n\t\t\t\t\t\t<\/summary>\n\t\t\t\t<div role=\"region\" aria-labelledby=\"e-n-accordion-item-1577\" class=\"elementor-element elementor-element-927ff90 e-con-full e-flex e-con e-child\" data-id=\"927ff90\" data-element_type=\"container\">\n\t\t\t\t<div class=\"elementor-element elementor-element-ce08b60 elementor-widget elementor-widget-text-editor\" data-id=\"ce08b60\" data-element_type=\"widget\" data-widget_type=\"text-editor.default\">\n\t\t\t\t\t\t\t\t\t<p>N\u00edl aon srian inch\u00e1ilitheachta ann maidir le cur chuige hibrideach IS. Mar a luaitear i Roinn 4.1 (Crit\u00e9ir Inch\u00e1ilitheachta) den <a href=\"https:\/\/www.llm-bridge.eu\/wp-content\/uploads\/2026\/04\/LLM-Bridge-Venture-Incubation-Program-2026-Startup-Call_20260401_.pdf\">Doicim\u00e9ad faoin nGlao Oscailte<\/a>, cumhda\u00edtear le pr\u00f3if\u00edl an sprioc-iarrth\u00f3ra r\u00e9itigh \u2018bunaithe ar IS gini\u00fanach, ar phr\u00f3ise\u00e1il Samhla M\u00f3rtheangacha, n\u00f3 ar theicneola\u00edochta\u00ed gaolmhara IS,\u2019 lena nd\u00e9antar cur chuige hibrideach go hioml\u00e1n ind\u00e9anta.<\/p>\t\t\t\t\t\t\t\t<\/div>\n\t\t\t\t<\/div>\n\t\t\t\t\t<\/details>\n\t\t\t\t\t\t<details id=\"e-n-accordion-item-1578\" class=\"e-n-accordion-item\" >\n\t\t\t\t<summary class=\"e-n-accordion-item-title\" data-accordion-index=\"9\" tabindex=\"-1\" aria-expanded=\"false\" aria-controls=\"e-n-accordion-item-1578\" >\n\t\t\t\t\t<span class='e-n-accordion-item-title-header'><div class=\"e-n-accordion-item-title-text\"> Conas a dh\u00e9antar meast\u00f3ireacht ar r\u00e9itigh nuair a bhaineann a bpr\u00edomhluach le feabhas a chur ar an gcaoi a n-\u00fas\u00e1idtear LLManna? <\/div><\/span>\n\t\t\t\t\t\t\t<span class='e-n-accordion-item-title-icon'>\n\t\t\t<span class='e-opened' ><svg aria-hidden=\"true\" class=\"e-font-icon-svg e-fas-minus\" viewbox=\"0 0 448 512\" xmlns=\"http:\/\/www.w3.org\/2000\/svg\"><path d=\"M416 208H32c-17.67 0-32 14.33-32 32v32c0 17.67 14.33 32 32 32h384c17.67 0 32-14.33 32-32v-32c0-17.67-14.33-32-32-32z\"><\/path><\/svg><\/span>\n\t\t\t<span class='e-closed'><svg aria-hidden=\"true\" class=\"e-font-icon-svg e-fas-plus\" viewbox=\"0 0 448 512\" xmlns=\"http:\/\/www.w3.org\/2000\/svg\"><path d=\"M416 208H272V64c0-17.67-14.33-32-32-32h-32c-17.67 0-32 14.33-32 32v144H32c-17.67 0-32 14.33-32 32v32c0 17.67 14.33 32 32 32h144v144c0 17.67 14.33 32 32 32h32c17.67 0 32-14.33 32-32V304h144c17.67 0 32-14.33 32-32v-32c0-17.67-14.33-32-32-32z\"><\/path><\/svg><\/span>\n\t\t<\/span>\n\n\t\t\t\t\t\t<\/summary>\n\t\t\t\t<div role=\"region\" aria-labelledby=\"e-n-accordion-item-1578\" class=\"elementor-element elementor-element-97c3ec0 e-flex e-con-boxed e-con e-child\" data-id=\"97c3ec0\" data-element_type=\"container\">\n\t\t\t\t\t<div class=\"e-con-inner\">\n\t\t\t\t<div class=\"elementor-element elementor-element-39ae832 elementor-widget elementor-widget-text-editor\" data-id=\"39ae832\" data-element_type=\"widget\" data-widget_type=\"text-editor.default\">\n\t\t\t\t\t\t\t\t\t<p>Mar a luadh sa cheist roimhe seo agus mar a luaitear i Roinn 4.1 (Crit\u00e9ir Inch\u00e1ilitheachta) den <a href=\"https:\/\/www.llm-bridge.eu\/wp-content\/uploads\/2026\/04\/LLM-Bridge-Venture-Incubation-Program-2026-Startup-Call_20260401_.pdf\">Doicim\u00e9ad faoin nGlao Oscailte<\/a>, fad at\u00e1 an r\u00e9iteach bunaithe ar LLManna, GenAI, NLP, n\u00f3 teicneola\u00edochta\u00ed intleachta saorga gaolmhara, n\u00f3 fad a bhaineann s\u00e9 leo, t\u00e1 an gn\u00f3lacht nuathionscanta inch\u00e1ilithe iarratas a dh\u00e9anamh.<\/p>\t\t\t\t\t\t\t\t<\/div>\n\t\t\t\t\t<\/div>\n\t\t\t\t<\/div>\n\t\t\t\t\t<\/details>\n\t\t\t\t\t\t<details id=\"e-n-accordion-item-1579\" class=\"e-n-accordion-item\" >\n\t\t\t\t<summary class=\"e-n-accordion-item-title\" data-accordion-index=\"10\" tabindex=\"-1\" aria-expanded=\"false\" aria-controls=\"e-n-accordion-item-1579\" >\n\t\t\t\t\t<span class='e-n-accordion-item-title-header'><div class=\"e-n-accordion-item-title-text\"> T\u00e1 difr\u00edocht idir na faid t\u00e9acs a luaitear sa doicim\u00e9ad glao agus an t-ard\u00e1n iarratais. C\u00e9n fhorm\u00e1id ba cheart d\u2019iarratas\u00f3ir\u00ed a lean\u00faint? <\/div><\/span>\n\t\t\t\t\t\t\t<span class='e-n-accordion-item-title-icon'>\n\t\t\t<span class='e-opened' ><svg aria-hidden=\"true\" class=\"e-font-icon-svg e-fas-minus\" viewbox=\"0 0 448 512\" xmlns=\"http:\/\/www.w3.org\/2000\/svg\"><path d=\"M416 208H32c-17.67 0-32 14.33-32 32v32c0 17.67 14.33 32 32 32h384c17.67 0 32-14.33 32-32v-32c0-17.67-14.33-32-32-32z\"><\/path><\/svg><\/span>\n\t\t\t<span class='e-closed'><svg aria-hidden=\"true\" class=\"e-font-icon-svg e-fas-plus\" viewbox=\"0 0 448 512\" xmlns=\"http:\/\/www.w3.org\/2000\/svg\"><path d=\"M416 208H272V64c0-17.67-14.33-32-32-32h-32c-17.67 0-32 14.33-32 32v144H32c-17.67 0-32 14.33-32 32v32c0 17.67 14.33 32 32 32h144v144c0 17.67 14.33 32 32 32h32c17.67 0 32-14.33 32-32V304h144c17.67 0 32-14.33 32-32v-32c0-17.67-14.33-32-32-32z\"><\/path><\/svg><\/span>\n\t\t<\/span>\n\n\t\t\t\t\t\t<\/summary>\n\t\t\t\t<div role=\"region\" aria-labelledby=\"e-n-accordion-item-1579\" class=\"elementor-element elementor-element-731432e e-con-full e-flex e-con e-child\" data-id=\"731432e\" data-element_type=\"container\">\n\t\t\t\t<div class=\"elementor-element elementor-element-aaea157 elementor-widget elementor-widget-text-editor\" data-id=\"aaea157\" data-element_type=\"widget\" data-widget_type=\"text-editor.default\">\n\t\t\t\t\t\t\t\t\t<p>T\u00e1 na treoracha a chuirtear ar f\u00e1il i ndoicim\u00e9adacht an ghlao le haghaidh tagartha. T\u00e1 cead ag iarratas\u00f3ir\u00ed an fad a mheasann siad is oiri\u00fana\u00ed do gach r\u00e9imse a \u00fas\u00e1id. T\u00e1 sampla\u00ed sa fhoirmleoir chun iarratas\u00f3ir\u00ed a threor\u00fa ar an gcuma a d'fh\u00e9adfadh a bheith ar fhreagra ar ardchaighde\u00e1n. Ba cheart \u00e9 sin a ghlacadh mar threoirl\u00edne ach n\u00edl s\u00e9 \u00e9igeantach.<\/p>\t\t\t\t\t\t\t\t<\/div>\n\t\t\t\t<\/div>\n\t\t\t\t\t<\/details>\n\t\t\t\t\t<\/div>\n\t\t\t\t\t\t<\/div>\n\t\t\t\t<div class=\"elementor-element elementor-element-cc3bacb elementor-widget elementor-widget-spacer\" data-id=\"cc3bacb\" data-element_type=\"widget\" data-widget_type=\"spacer.default\">\n\t\t\t\t\t\t\t<div class=\"elementor-spacer\">\n\t\t\t<div class=\"elementor-spacer-inner\"><\/div>\n\t\t<\/div>\n\t\t\t\t\t\t<\/div>\n\t\t\t\t<div class=\"elementor-element elementor-element-0942f23 elementor-widget elementor-widget-heading\" data-id=\"0942f23\" data-element_type=\"widget\" data-widget_type=\"heading.default\">\n\t\t\t\t\t<h2 class=\"elementor-heading-title elementor-size-default\">R\u00e9idh le hiarratas a dh\u00e9anamh?<\/h2>\t\t\t\t<\/div>\n\t\t\t\t<div class=\"elementor-element elementor-element-8736b25 elementor-widget elementor-widget-text-editor\" data-id=\"8736b25\" data-element_type=\"widget\" data-widget_type=\"text-editor.default\">\n\t\t\t\t\t\t\t\t\t<p>Athbhreithni\u00fa a dh\u00e9anamh ar na hacmhainn\u00ed thuas agus iarratas a dh\u00e9anamh faoin 1 Meitheamh 2026, 17.00 Am L\u00e1r na hEorpa.<\/p>\t\t\t\t\t\t\t\t<\/div>\n\t\t\t\t<div class=\"elementor-element elementor-element-ffff885 elementor-align-center elementor-widget elementor-widget-button\" data-id=\"ffff885\" data-element_type=\"widget\" data-widget_type=\"button.default\">\n\t\t\t\t\t\t\t\t\t\t<a class=\"elementor-button elementor-button-link elementor-size-sm elementor-animation-grow\" href=\"https:\/\/www.f6s.com\/llm-bridge-venture-incubation-program-1\/apply\">\n\t\t\t\t\t\t<span class=\"elementor-button-content-wrapper\">\n\t\t\t\t\t\t\t\t\t<span class=\"elementor-button-text\">D\u00e9an iarratas anois!<\/span>\n\t\t\t\t\t<\/span>\n\t\t\t\t\t<\/a>\n\t\t\t\t\t\t\t\t<\/div>\n\t\t\t\t<div class=\"elementor-element elementor-element-1be9c1b elementor-widget elementor-widget-spacer\" data-id=\"1be9c1b\" data-element_type=\"widget\" data-widget_type=\"spacer.default\">\n\t\t\t\t\t\t\t<div class=\"elementor-spacer\">\n\t\t\t<div class=\"elementor-spacer-inner\"><\/div>\n\t\t<\/div>\n\t\t\t\t\t\t<\/div>\n\t\t\t\t\t<\/div>\n\t\t\t\t<\/div>\n\t\t<div class=\"elementor-element elementor-element-9b946d9 e-flex e-con-boxed e-con e-parent\" data-id=\"9b946d9\" data-element_type=\"container\">\n\t\t\t\t\t<div class=\"e-con-inner\">\n\t\t\t\t\t<\/div>\n\t\t\t\t<\/div>\n\t\t\t\t<\/div>","protected":false},"excerpt":{"rendered":"<p>Glao Oscailte ar Ghn\u00f3lachta\u00ed Nuathionscanta \u2013 Acmhainn\u00ed &amp; Ceisteanna Coitianta Anseo th\u00edos, is f\u00e9idir leat teacht ar na hacmhainn\u00ed go l\u00e9ir \u00f3n\u00e1r seisi\u00fan seimine\u00e1r gr\u00e9as\u00e1in Infoday le d\u00e9ana\u00ed, lena n-\u00e1ir\u00edtear na sleamhn\u00e1in cur i l\u00e1thair, taifeadadh den seisi\u00fan beo, agus freagra\u00ed ar cheisteanna coitianta.\u00a0 An bhfuil ceisteanna agat f\u00f3s? T\u00e9igh i dteagmh\u00e1il le Deasc Chabhrach na nGlaonna Oscailte: llm-bridge@28digital.eu. https:\/\/www.llm-bridge.eu\/wp-content\/uploads\/2026\/03\/Short-version-Info-Session-LLM-BRIGDE-Venture-Incubation-Programme-Open-Call-for-Incubators-1st-Call-20260225_100019UTC-Meeting-Recording.mp4 \u00cdosl\u00f3d\u00e1il na sleamhn\u00e1in Fiosraigh na Ceisteanna Coitianta [\u2026]<\/p>","protected":false},"author":1,"featured_media":0,"parent":0,"menu_order":0,"comment_status":"closed","ping_status":"closed","template":"","meta":{"footnotes":""},"class_list":["post-960","page","type-page","status-publish","hentry"],"_links":{"self":[{"href":"https:\/\/www.llm-bridge.eu\/ga\/wp-json\/wp\/v2\/pages\/960","targetHints":{"allow":["GET"]}}],"collection":[{"href":"https:\/\/www.llm-bridge.eu\/ga\/wp-json\/wp\/v2\/pages"}],"about":[{"href":"https:\/\/www.llm-bridge.eu\/ga\/wp-json\/wp\/v2\/types\/page"}],"author":[{"embeddable":true,"href":"https:\/\/www.llm-bridge.eu\/ga\/wp-json\/wp\/v2\/users\/1"}],"replies":[{"embeddable":true,"href":"https:\/\/www.llm-bridge.eu\/ga\/wp-json\/wp\/v2\/comments?post=960"}],"version-history":[{"count":78,"href":"https:\/\/www.llm-bridge.eu\/ga\/wp-json\/wp\/v2\/pages\/960\/revisions"}],"predecessor-version":[{"id":1091,"href":"https:\/\/www.llm-bridge.eu\/ga\/wp-json\/wp\/v2\/pages\/960\/revisions\/1091"}],"wp:attachment":[{"href":"https:\/\/www.llm-bridge.eu\/ga\/wp-json\/wp\/v2\/media?parent=960"}],"curies":[{"name":"wp","href":"https:\/\/api.w.org\/{rel}","templated":true}]}}